{"id":586,"date":"2026-08-30T13:31:53","date_gmt":"2026-08-30T13:31:53","guid":{"rendered":"https:\/\/casatallerdelfin.org\/?page_id=586"},"modified":"2026-08-30T13:31:53","modified_gmt":"2026-08-30T13:31:53","slug":"file","status":"publish","type":"page","link":"https:\/\/casatallerdelfin.org\/en\/nuestro-trabajo\/archivo\/","title":{"rendered":"Archive"},"content":{"rendered":"<div class=\"wp-block-group is-layout-constrained wp-block-group-is-layout-constrained\">\n<h1 id=\"h-archivo\" class=\"wp-block-heading\">Archive<\/h1>\n\n\n\n<p class=\"has-medium-font-size wp-block-paragraph\" id=\"h-el-archivo-casa-taller-delfin-reune-materiales-producidos-y-recopilados-durante-mas-de-siete-decadas-de-vida-y-trabajo-de-victor-delfin-documentos-fotografias-publicaciones-recortes-de-prensa-y-registros-audiovisuales-permiten-reconstruir-no-solamente-la-trayectoria-del-artista-sino-tambien-fragmentos-de-la-historia-cultural-y-politica-del-peru-contemporaneo\">The Delf\u00edn Workshop House Archive brings together materials produced and collected during more than seven decades of life and work by V\u00edctor Delf\u00edn. Documents, photographs, publications, press clippings, and audiovisual records make it possible to reconstruct not only the artist's career, but also fragments of the cultural and political history of contemporary Peru.<\/p>\n\n\n\n<h2 id=\"h-un-archivo-en-construccion\" class=\"wp-block-heading\">A file under construction<\/h2>\n\n\n\n<p class=\"wp-block-paragraph\">The Association is developing a progressive process of identification, organization, description, digitization, and preservation of these materials.<\/p>\n\n\n\n<p class=\"wp-block-paragraph\">The objective is to ensure its long-term preservation and, progressively, to facilitate its consultation by researchers, students, curators, and other audiences interested in the work of V\u00edctor Delf\u00edn and the history of Peruvian art.<\/p>\n\n\n\n<h2 id=\"h-que-conservamos\" class=\"wp-block-heading\">What do we keep<\/h2>\n\n\n\n<h4 id=\"h-archivo-documental\" class=\"wp-block-heading\">Documentary archive<\/h4>\n\n\n\n<p class=\"wp-block-paragraph\">Correspondence, professional and personal documentation, materials related to exhibitions, projects, and other documents linked to the artist's career.<\/p>\n\n\n\n<h4 id=\"h-archivo-fotografico\" class=\"wp-block-heading\">Photographic archive<\/h4>\n\n\n\n<p class=\"wp-block-paragraph\">Photographs of works, exhibitions, travels, work processes, daily life, and activities carried out at the Casa Taller.<\/p>\n\n\n\n<h4 id=\"h-archivo-de-prensa\" class=\"wp-block-heading\">Press archive<\/h4>\n\n\n\n<p class=\"wp-block-paragraph\">Articles, interviews, critiques, reviews, and other publications documenting the reception of V\u00edctor Delf\u00edn's work and public activity.<\/p>\n\n\n\n<h4 id=\"h-archivo-audiovisual\" class=\"wp-block-heading\">Audiovisual archive<\/h4>\n\n\n\n<p class=\"wp-block-paragraph\">Documentaries, interviews, exhibition records, conversations, and other sound and audiovisual materials.<\/p>\n\n\n\n<h4 id=\"h-biblioteca-y-publicaciones\" class=\"wp-block-heading\">Library and publications<\/h4>\n\n\n\n<p class=\"wp-block-paragraph\">Books, catalogs, and publications gathered by the artist and linked to their practice, interests, and cultural environment.<\/p>\n\n\n\n<h2 id=\"h-preservar-para-investigar\" class=\"wp-block-heading\">Preserve to investigate<\/h2>\n\n\n\n<p class=\"wp-block-paragraph\">Organizing an archive allows for much more than preserving documents. It enables the establishment of relationships among works, people, exhibitions, places, and events; the reconstruction of provenances; the verification of information; and the opening of new possibilities for research.<\/p>\n\n\n\n<p class=\"wp-block-paragraph\">This work also contributes to other projects of the Association, among them the <strong>Catalogue Raisonn\u00e9 <\/strong>by V\u00edctor Delf\u00edn.<\/p>\n\n\n\n<h2 id=\"h-desde-el-archivo\" class=\"wp-block-heading\">From the Archive<\/h2>\n\n\n\n<p class=\"wp-block-paragraph\">As part of this process, we periodically share documents and findings accompanied by information that allows them to be contextualized and their relevance understood.<\/p>\n\n\n\n<div class=\"wp-block-buttons is-layout-flex wp-block-buttons-is-layout-flex\">\n<div class=\"wp-block-button\"><a class=\"wp-block-button__link has-black-background-color has-background wp-element-button\" style=\"border-top-left-radius:0px;border-top-right-radius:0px;border-bottom-left-radius:0px;border-bottom-right-radius:0px\"><strong>See all stories<\/strong><\/a><\/div>\n<\/div>\n\n\n\n<h2 id=\"h-consultas\" class=\"wp-block-heading\">Inquiries<\/h2>\n\n\n\n<p class=\"wp-block-paragraph\">The Archive is currently in the process of organization and does not yet have regular service for researchers. For inquiries related to specific materials, you may contact the Association.<\/p>\n\n\n\n<div class=\"wp-block-buttons is-layout-flex wp-block-buttons-is-layout-flex\">\n<div class=\"wp-block-button\"><a class=\"wp-block-button__link has-black-background-color has-background wp-element-button\" style=\"border-top-left-radius:0px;border-top-right-radius:0px;border-bottom-left-radius:0px;border-bottom-right-radius:0px\"><strong>Contact us<\/strong><\/a><\/div>\n<\/div>\n<\/div>","protected":false},"excerpt":{"rendered":"<p>Archivo El Archivo Casa Taller Delf\u00edn re\u00fane materiales producidos y recopilados durante m\u00e1s de siete d\u00e9cadas de vida y trabajo [&hellip;]<\/p>\n","protected":false},"author":1,"featured_media":0,"parent":563,"menu_order":0,"comment_status":"closed","ping_status":"closed","template":"","meta":{"site-sidebar-layout":"default","site-content-layout":"","ast-site-content-layout":"default","site-content-style":"default","site-sidebar-style":"default","ast-global-header-display":"","ast-banner-title-visibility":"","ast-main-header-display":"","ast-hfb-above-header-display":"","ast-hfb-below-header-display":"","ast-hfb-mobile-header-display":"","site-post-title":"disabled","ast-breadcrumbs-content":"","ast-featured-img":"","footer-sml-layout":"","ast-disable-related-posts":"","theme-transparent-header-meta":"","adv-header-id-meta":"","stick-header-meta":"","header-above-stick-meta":"","header-main-stick-meta":"","header-below-stick-meta":"","astra-migrate-meta-layouts":"default","ast-page-background-enabled":"default","ast-page-background-meta":{"desktop":{"background-color":"var(--ast-global-color-5)","background-image":"","background-repeat":"repeat","background-position":"center center","background-size":"auto","background-attachment":"scroll","background-type":"","background-media":"","overlay-type":"","overlay-color":"","overlay-opacity":"","overlay-gradient":""},"tablet":{"background-color":"","background-image":"","background-repeat":"repeat","background-position":"center center","background-size":"auto","background-attachment":"scroll","background-type":"","background-media":"","overlay-type":"","overlay-color":"","overlay-opacity":"","overlay-gradient":""},"mobile":{"background-color":"","background-image":"","background-repeat":"repeat","background-position":"center center","background-size":"auto","background-attachment":"scroll","background-type":"","background-media":"","overlay-type":"","overlay-color":"","overlay-opacity":"","overlay-gradient":""}},"ast-content-background-meta":{"desktop":{"background-color":"var(--ast-global-color-4)","background-image":"","background-repeat":"repeat","background-position":"center center","background-size":"auto","background-attachment":"scroll","background-type":"","background-media":"","overlay-type":"","overlay-color":"","overlay-opacity":"","overlay-gradient":""},"tablet":{"background-color":"var(--ast-global-color-4)","background-image":"","background-repeat":"repeat","background-position":"center center","background-size":"auto","background-attachment":"scroll","background-type":"","background-media":"","overlay-type":"","overlay-color":"","overlay-opacity":"","overlay-gradient":""},"mobile":{"background-color":"var(--ast-global-color-4)","background-image":"","background-repeat":"repeat","background-position":"center center","background-size":"auto","background-attachment":"scroll","background-type":"","background-media":"","overlay-type":"","overlay-color":"","overlay-opacity":"","overlay-gradient":""}},"footnotes":""},"class_list":["post-586","page","type-page","status-publish","hentry"],"yoast_head":"<!-- This site is optimized with the Yoast SEO Premium plugin v28.3 (Yoast SEO v28.3) - https:\/\/yoast.com\/product\/yoast-seo-premium-wordpress\/ -->\n<title>Archivo - Casa Taller Delfin<\/title>\n<meta name=\"robots\" content=\"index, follow, max-snippet:-1, max-image-preview:large, max-video-preview:-1\" \/>\n<link rel=\"canonical\" href=\"https:\/\/casatallerdelfin.org\/en\/our-work\/file\/\" \/>\n<meta property=\"og:locale\" content=\"en_US\" \/>\n<meta property=\"og:type\" content=\"article\" \/>\n<meta property=\"og:title\" content=\"Archivo\" \/>\n<meta property=\"og:description\" content=\"Archivo El Archivo Casa Taller Delf\u00edn re\u00fane materiales producidos y recopilados durante m\u00e1s de siete d\u00e9cadas de vida y trabajo [&hellip;]\" \/>\n<meta property=\"og:url\" content=\"https:\/\/casatallerdelfin.org\/en\/our-work\/file\/\" \/>\n<meta property=\"og:site_name\" content=\"Casa Taller Delfin\" \/>\n<meta property=\"article:publisher\" content=\"https:\/\/www.facebook.com\/casatallerdelfin\" \/>\n<meta name=\"twitter:card\" content=\"summary_large_image\" \/>\n<meta name=\"twitter:label1\" content=\"Est. reading time\" \/>\n\t<meta name=\"twitter:data1\" content=\"2 minutes\" \/>\n<script type=\"application\/ld+json\" class=\"yoast-schema-graph\">{\"@context\":\"https:\\\/\\\/schema.org\",\"@graph\":[{\"@type\":\"WebPage\",\"@id\":\"https:\\\/\\\/casatallerdelfin.org\\\/nuestro-trabajo\\\/archivo\\\/\",\"url\":\"https:\\\/\\\/casatallerdelfin.org\\\/nuestro-trabajo\\\/archivo\\\/\",\"name\":\"Archivo - Casa Taller Delfin\",\"isPartOf\":{\"@id\":\"https:\\\/\\\/casatallerdelfin.org\\\/#website\"},\"datePublished\":\"2026-08-30T13:31:53+00:00\",\"breadcrumb\":{\"@id\":\"https:\\\/\\\/casatallerdelfin.org\\\/nuestro-trabajo\\\/archivo\\\/#breadcrumb\"},\"inLanguage\":\"en-US\",\"potentialAction\":[{\"@type\":\"ReadAction\",\"target\":[\"https:\\\/\\\/casatallerdelfin.org\\\/nuestro-trabajo\\\/archivo\\\/\"]}]},{\"@type\":\"BreadcrumbList\",\"@id\":\"https:\\\/\\\/casatallerdelfin.org\\\/nuestro-trabajo\\\/archivo\\\/#breadcrumb\",\"itemListElement\":[{\"@type\":\"ListItem\",\"position\":1,\"name\":\"Home\",\"item\":\"https:\\\/\\\/casatallerdelfin.org\\\/\"},{\"@type\":\"ListItem\",\"position\":2,\"name\":\"Nuestro Trabajo\",\"item\":\"https:\\\/\\\/casatallerdelfin.org\\\/nuestro-trabajo\\\/\"},{\"@type\":\"ListItem\",\"position\":3,\"name\":\"Archivo\"}]},{\"@type\":\"WebSite\",\"@id\":\"https:\\\/\\\/casatallerdelfin.org\\\/#website\",\"url\":\"https:\\\/\\\/casatallerdelfin.org\\\/\",\"name\":\"Casa Taller Delfin\",\"description\":\"Asociacion Civil Casa Taller Delfin\",\"publisher\":{\"@id\":\"https:\\\/\\\/casatallerdelfin.org\\\/#organization\"},\"potentialAction\":[{\"@type\":\"SearchAction\",\"target\":{\"@type\":\"EntryPoint\",\"urlTemplate\":\"https:\\\/\\\/casatallerdelfin.org\\\/?s={search_term_string}\"},\"query-input\":{\"@type\":\"PropertyValueSpecification\",\"valueRequired\":true,\"valueName\":\"search_term_string\"}}],\"inLanguage\":\"en-US\"},{\"@type\":\"Organization\",\"@id\":\"https:\\\/\\\/casatallerdelfin.org\\\/#organization\",\"name\":\"Asociaci\u00f3n Civil Casa Taller Delfin\",\"alternateName\":\"Asociaci\u00f3n Civil Casa Taller Delfin\",\"url\":\"https:\\\/\\\/casatallerdelfin.org\\\/\",\"logo\":{\"@type\":\"ImageObject\",\"inLanguage\":\"en-US\",\"@id\":\"https:\\\/\\\/casatallerdelfin.org\\\/#\\\/schema\\\/logo\\\/image\\\/\",\"url\":\"https:\\\/\\\/casatallerdelfin.org\\\/wp-content\\\/uploads\\\/2025\\\/09\\\/ctd_logo_2_long.webp\",\"contentUrl\":\"https:\\\/\\\/casatallerdelfin.org\\\/wp-content\\\/uploads\\\/2025\\\/09\\\/ctd_logo_2_long.webp\",\"width\":1170,\"height\":522,\"caption\":\"Asociaci\u00f3n Civil Casa Taller Delfin\"},\"image\":{\"@id\":\"https:\\\/\\\/casatallerdelfin.org\\\/#\\\/schema\\\/logo\\\/image\\\/\"},\"sameAs\":[\"https:\\\/\\\/www.facebook.com\\\/casatallerdelfin\",\"https:\\\/\\\/instagram.com\\\/casatallerdelfin\"],\"description\":\"Casa Taller Delf\u00edn is dedicated to preserving, disseminating, and celebrating the life and work of the renowned Peruvian artist V\u00edctor Delf\u00edn. Founded in 2005 by his descendants, the Association was born as a commitment to the memory and legacy of one of the country's most emblematic creators.\",\"email\":\"info@casatallerdelfin.org\",\"legalName\":\"Asociaci\u00f3n Civil Casa Taller Delfin\",\"foundingDate\":\"2005-06-01\",\"numberOfEmployees\":{\"@type\":\"QuantitativeValue\",\"minValue\":\"1\",\"maxValue\":\"10\"}}]}<\/script>\n<!-- \/ Yoast SEO Premium plugin. -->","yoast_head_json":{"title":"Archive - Casa Taller Delfin","robots":{"index":"index","follow":"follow","max-snippet":"max-snippet:-1","max-image-preview":"max-image-preview:large","max-video-preview":"max-video-preview:-1"},"canonical":"https:\/\/casatallerdelfin.org\/en\/our-work\/file\/","og_locale":"en_US","og_type":"article","og_title":"Archivo","og_description":"Archivo El Archivo Casa Taller Delf\u00edn re\u00fane materiales producidos y recopilados durante m\u00e1s de siete d\u00e9cadas de vida y trabajo [&hellip;]","og_url":"https:\/\/casatallerdelfin.org\/en\/our-work\/file\/","og_site_name":"Casa Taller Delfin","article_publisher":"https:\/\/www.facebook.com\/casatallerdelfin","twitter_card":"summary_large_image","twitter_misc":{"Est. reading time":"2 minutes"},"schema":{"@context":"https:\/\/schema.org","@graph":[{"@type":"WebPage","@id":"https:\/\/casatallerdelfin.org\/nuestro-trabajo\/archivo\/","url":"https:\/\/casatallerdelfin.org\/nuestro-trabajo\/archivo\/","name":"Archive - Casa Taller Delfin","isPartOf":{"@id":"https:\/\/casatallerdelfin.org\/#website"},"datePublished":"2026-08-30T13:31:53+00:00","breadcrumb":{"@id":"https:\/\/casatallerdelfin.org\/nuestro-trabajo\/archivo\/#breadcrumb"},"inLanguage":"en-US","potentialAction":[{"@type":"ReadAction","target":["https:\/\/casatallerdelfin.org\/nuestro-trabajo\/archivo\/"]}]},{"@type":"BreadcrumbList","@id":"https:\/\/casatallerdelfin.org\/nuestro-trabajo\/archivo\/#breadcrumb","itemListElement":[{"@type":"ListItem","position":1,"name":"Home","item":"https:\/\/casatallerdelfin.org\/"},{"@type":"ListItem","position":2,"name":"Nuestro Trabajo","item":"https:\/\/casatallerdelfin.org\/nuestro-trabajo\/"},{"@type":"ListItem","position":3,"name":"Archivo"}]},{"@type":"WebSite","@id":"https:\/\/casatallerdelfin.org\/#website","url":"https:\/\/casatallerdelfin.org\/","name":"Delfin House Workshop","description":"Casa Taller Delfin Civil Association","publisher":{"@id":"https:\/\/casatallerdelfin.org\/#organization"},"potentialAction":[{"@type":"SearchAction","target":{"@type":"EntryPoint","urlTemplate":"https:\/\/casatallerdelfin.org\/?s={search_term_string}"},"query-input":{"@type":"PropertyValueSpecification","valueRequired":true,"valueName":"search_term_string"}}],"inLanguage":"en-US"},{"@type":"Organization","@id":"https:\/\/casatallerdelfin.org\/#organization","name":"Casa Taller Delfin Civil Association","alternateName":"Asociaci\u00f3n Civil Casa Taller Delfin","url":"https:\/\/casatallerdelfin.org\/","logo":{"@type":"ImageObject","inLanguage":"en-US","@id":"https:\/\/casatallerdelfin.org\/#\/schema\/logo\/image\/","url":"https:\/\/casatallerdelfin.org\/wp-content\/uploads\/2025\/09\/ctd_logo_2_long.webp","contentUrl":"https:\/\/casatallerdelfin.org\/wp-content\/uploads\/2025\/09\/ctd_logo_2_long.webp","width":1170,"height":522,"caption":"Asociaci\u00f3n Civil Casa Taller Delfin"},"image":{"@id":"https:\/\/casatallerdelfin.org\/#\/schema\/logo\/image\/"},"sameAs":["https:\/\/www.facebook.com\/casatallerdelfin","https:\/\/instagram.com\/casatallerdelfin"],"description":"Casa Taller Delf\u00edn is dedicated to preserving, disseminating, and celebrating the life and work of the renowned Peruvian artist V\u00edctor Delf\u00edn. Founded in 2005 by his descendants, the Association was born as a commitment to the memory and legacy of one of the country's most emblematic creators.","email":"info@casatallerdelfin.org","legalName":"Asociaci\u00f3n Civil Casa Taller Delfin","foundingDate":"2005-06-01","numberOfEmployees":{"@type":"QuantitativeValue","minValue":"1","maxValue":"10"}}]}},"_links":{"self":[{"href":"https:\/\/casatallerdelfin.org\/en\/wp-json\/wp\/v2\/pages\/586","targetHints":{"allow":["GET"]}}],"collection":[{"href":"https:\/\/casatallerdelfin.org\/en\/wp-json\/wp\/v2\/pages"}],"about":[{"href":"https:\/\/casatallerdelfin.org\/en\/wp-json\/wp\/v2\/types\/page"}],"author":[{"embeddable":true,"href":"https:\/\/casatallerdelfin.org\/en\/wp-json\/wp\/v2\/users\/1"}],"replies":[{"embeddable":true,"href":"https:\/\/casatallerdelfin.org\/en\/wp-json\/wp\/v2\/comments?post=586"}],"version-history":[{"count":1,"href":"https:\/\/casatallerdelfin.org\/en\/wp-json\/wp\/v2\/pages\/586\/revisions"}],"predecessor-version":[{"id":587,"href":"https:\/\/casatallerdelfin.org\/en\/wp-json\/wp\/v2\/pages\/586\/revisions\/587"}],"up":[{"embeddable":true,"href":"https:\/\/casatallerdelfin.org\/en\/wp-json\/wp\/v2\/pages\/563"}],"wp:attachment":[{"href":"https:\/\/casatallerdelfin.org\/en\/wp-json\/wp\/v2\/media?parent=586"}],"curies":[{"name":"wp","href":"https:\/\/api.w.org\/{rel}","templated":true}]}}