{"id":589,"date":"2026-08-30T15:28:49","date_gmt":"2026-08-30T15:28:49","guid":{"rendered":"https:\/\/casatallerdelfin.org\/?page_id=589"},"modified":"2026-08-30T15:33:54","modified_gmt":"2026-08-30T15:33:54","slug":"catalogue-raisonne-2","status":"publish","type":"page","link":"https:\/\/casatallerdelfin.org\/en\/nuestro-trabajo\/catalogo-razonado\/","title":{"rendered":"Catalogue Raisonn\u00e9"},"content":{"rendered":"<div class=\"wp-block-group is-layout-constrained wp-block-group-is-layout-constrained\">\n<h1 id=\"h-catalogo-razonado-de-victor-delfin\" class=\"wp-block-heading\">Victor Delfin Catalogue Raisonn\u00e9<\/h1>\n\n\n\n<div class=\"wp-block-media-text is-stacked-on-mobile is-vertically-aligned-top\" style=\"grid-template-columns:30% auto\"><figure class=\"wp-block-media-text__media\"><img loading=\"lazy\" decoding=\"async\" width=\"1024\" height=\"1024\" src=\"https:\/\/casatallerdelfin.org\/wp-content\/uploads\/2025\/11\/victor-delfin-retablo-01-1024x1024.webp\" alt=\"\" class=\"wp-image-363 size-full\" srcset=\"https:\/\/casatallerdelfin.org\/wp-content\/uploads\/2025\/11\/victor-delfin-retablo-01-1024x1024.webp 1024w, https:\/\/casatallerdelfin.org\/wp-content\/uploads\/2025\/11\/victor-delfin-retablo-01-300x300.webp 300w, https:\/\/casatallerdelfin.org\/wp-content\/uploads\/2025\/11\/victor-delfin-retablo-01-150x150.webp 150w, https:\/\/casatallerdelfin.org\/wp-content\/uploads\/2025\/11\/victor-delfin-retablo-01-768x768.webp 768w, https:\/\/casatallerdelfin.org\/wp-content\/uploads\/2025\/11\/victor-delfin-retablo-01-1536x1536.webp 1536w, https:\/\/casatallerdelfin.org\/wp-content\/uploads\/2025\/11\/victor-delfin-retablo-01.webp 1920w\" sizes=\"auto, (max-width: 1024px) 100vw, 1024px\" \/><\/figure><div class=\"wp-block-media-text__content\">\n<h2 id=\"h-sobre-el-proyecto\" class=\"wp-block-heading\">About the project<\/h2>\n\n\n\n<p class=\"wp-block-paragraph\"><em>Ongoing project \u00b7 started in 2025<\/em><\/p>\n\n\n\n<p class=\"wp-block-paragraph\">The <strong>Asociaci\u00f3n Civil Casa Taller Delf\u00edn Civil Association <\/strong>develop a permanent research and documentation project on the work of V\u00edctor Delf\u00edn, with the objective of progressively building his catalogue raisonn\u00e9.<\/p>\n\n\n\n<p class=\"wp-block-paragraph\">A catalogue raisonn\u00e9 gathers and systematically documents an artist's known works. In addition to basic information such as title, date, medium, materials, and dimensions, it may incorporate photographs, provenance, exhibitions, publications, and other documentary sources related to each work.<\/p>\n\n\n\n<p class=\"wp-block-paragraph\">The project seeks to consolidate a reference source for the study of V\u00edctor Delf\u00edn's artistic production and contribute to its preservation, research, and public knowledge.<\/p>\n<\/div><\/div>\n\n\n\n<div style=\"height:10px\" aria-hidden=\"true\" class=\"wp-block-spacer\"><\/div>\n\n\n\n<h2 id=\"h-objetivos\" class=\"wp-block-heading\">Objectives<\/h2>\n\n\n\n<p class=\"wp-block-paragraph\">The project seeks to progressively identify and document the artistic production of V\u00edctor Delf\u00edn over more than seven decades of work.<\/p>\n\n\n\n<p class=\"wp-block-paragraph\">Among its main objectives are:<\/p>\n\n\n\n<ul class=\"wp-block-list\">\n<li>gather and systematize information on the artist's known works;<\/li>\n\n\n\n<li>consolidate photographic and documentary records;<\/li>\n\n\n\n<li>reconstruct, when possible, information on dates, techniques, provenance, exhibitions, and publications;<\/li>\n\n\n\n<li>relate the works to documents and other materials preserved in the Delfin House-Studio Archive;<\/li>\n\n\n\n<li>generate a reference source for researchers, curators, collectors, and other audiences interested in the artist's work.<\/li>\n<\/ul>\n\n\n\n<p class=\"wp-block-paragraph\">The Catalogue Raisonn\u00e9 is a long-term project and will be progressively expanded as research advances and new works and documentary sources are identified.<\/p>\n\n\n\n<h2 id=\"h-investigacion-y-documentacion\" class=\"wp-block-heading\">Research and documentation<\/h2>\n\n\n\n<p class=\"wp-block-paragraph\">The preparation of the Catalog combines the review of the works and records preserved by the Association with archival research, publications, exhibition catalogs, photographs, press, and other sources related to the career of V\u00edctor Delf\u00edn.<\/p>\n\n\n\n<p class=\"wp-block-paragraph\">A fundamental part of the project also consists of locating and documenting works currently found in private or institutional collections, or in other spaces outside the Casa Taller.<\/p>\n\n\n\n<p class=\"wp-block-paragraph\">The gathered information is cross-referenced and progressively organized to build a consistent documentary record of the artist's production.<\/p>\n\n\n\n<p class=\"wp-block-paragraph\">With the aim of facilitating access to this research, the Association plans to publish the Catalogue Raisonn\u00e9 online and free of charge, in successive installments.<\/p>\n\n\n\n<h2 id=\"h-convocatoria-de-obras\" class=\"wp-block-heading\">Call for submissions<\/h2>\n\n\n\n<p class=\"wp-block-paragraph\">The Association keeps an open call to contribute to the identification and documentation of works by V\u00edctor Delf\u00edn that are outside the collection under its custody.<\/p>\n\n\n\n<p class=\"wp-block-paragraph\"><strong>If you own or are responsible for a work by V\u00edctor Delf\u00edn, you can collaborate with this process by providing information and documentation about the piece.<\/strong><\/p>\n\n\n\n<p class=\"wp-block-paragraph\">The information received will help expand the record of known works and may serve as a source for the research developed as part of the Catalogue Raisonn\u00e9.<\/p>\n\n\n\n<p class=\"wp-block-paragraph\">All information provided will be treated confidentially.<\/p>\n\n\n\n<p class=\"wp-block-paragraph\"><strong>Important:<\/strong> The submission of information does not guarantee the inclusion of a work in the Catalogue Raisonn\u00e9. The Civil Association Casa Taller Delf\u00edn does not provide authentication or attribution services for works of art.<\/p>\n\n\n\n<h2 id=\"h-registrar-una-obra\" class=\"wp-block-heading\">Register a work<\/h2>\n\n\n\n<p class=\"wp-block-paragraph\">To record information about a work, download and complete the <strong>Work Registration Form<\/strong> and send it by email or mail using the details indicated in the document.<\/p>\n\n\n\n<div class=\"wp-block-buttons is-layout-flex wp-block-buttons-is-layout-flex\">\n<div class=\"wp-block-button\"><a class=\"wp-block-button__link has-black-background-color has-background wp-element-button\" href=\"https:\/\/casatallerdelfin.org\/wp-content\/uploads\/2025\/11\/VictorDelfin_Formulario_de_Registro_de_Obra_2025-1.pdf\" style=\"border-top-left-radius:0px;border-top-right-radius:0px;border-bottom-left-radius:0px;border-bottom-right-radius:0px\"><strong>Download form<\/strong><\/a><\/div>\n<\/div>\n\n\n\n<p class=\"wp-block-paragraph\">We appreciate your collaboration. The identification of works, documents, and other sources preserved in private and institutional collections is fundamental to advancing the knowledge and documentation of V\u00edctor Delf\u00edn's artistic production.<\/p>\n<\/div>","protected":false},"excerpt":{"rendered":"<p>Cat\u00e1logo Razonado de V\u00edctor Delf\u00edn Sobre el proyecto Proyecto en curso \u00b7 iniciado en 2025 La Asociaci\u00f3n Civil Casa Taller [&hellip;]<\/p>\n","protected":false},"author":1,"featured_media":0,"parent":563,"menu_order":0,"comment_status":"closed","ping_status":"closed","template":"","meta":{"site-sidebar-layout":"default","site-content-layout":"","ast-site-content-layout":"default","site-content-style":"default","site-sidebar-style":"default","ast-global-header-display":"","ast-banner-title-visibility":"","ast-main-header-display":"","ast-hfb-above-header-display":"","ast-hfb-below-header-display":"","ast-hfb-mobile-header-display":"","site-post-title":"disabled","ast-breadcrumbs-content":"","ast-featured-img":"","footer-sml-layout":"","ast-disable-related-posts":"","theme-transparent-header-meta":"","adv-header-id-meta":"","stick-header-meta":"","header-above-stick-meta":"","header-main-stick-meta":"","header-below-stick-meta":"","astra-migrate-meta-layouts":"default","ast-page-background-enabled":"default","ast-page-background-meta":{"desktop":{"background-color":"var(--ast-global-color-5)","background-image":"","background-repeat":"repeat","background-position":"center center","background-size":"auto","background-attachment":"scroll","background-type":"","background-media":"","overlay-type":"","overlay-color":"","overlay-opacity":"","overlay-gradient":""},"tablet":{"background-color":"","background-image":"","background-repeat":"repeat","background-position":"center center","background-size":"auto","background-attachment":"scroll","background-type":"","background-media":"","overlay-type":"","overlay-color":"","overlay-opacity":"","overlay-gradient":""},"mobile":{"background-color":"","background-image":"","background-repeat":"repeat","background-position":"center center","background-size":"auto","background-attachment":"scroll","background-type":"","background-media":"","overlay-type":"","overlay-color":"","overlay-opacity":"","overlay-gradient":""}},"ast-content-background-meta":{"desktop":{"background-color":"var(--ast-global-color-4)","background-image":"","background-repeat":"repeat","background-position":"center center","background-size":"auto","background-attachment":"scroll","background-type":"","background-media":"","overlay-type":"","overlay-color":"","overlay-opacity":"","overlay-gradient":""},"tablet":{"background-color":"var(--ast-global-color-4)","background-image":"","background-repeat":"repeat","background-position":"center center","background-size":"auto","background-attachment":"scroll","background-type":"","background-media":"","overlay-type":"","overlay-color":"","overlay-opacity":"","overlay-gradient":""},"mobile":{"background-color":"var(--ast-global-color-4)","background-image":"","background-repeat":"repeat","background-position":"center center","background-size":"auto","background-attachment":"scroll","background-type":"","background-media":"","overlay-type":"","overlay-color":"","overlay-opacity":"","overlay-gradient":""}},"footnotes":""},"class_list":["post-589","page","type-page","status-publish","hentry"],"yoast_head":"<!-- This site is optimized with the Yoast SEO Premium plugin v28.3 (Yoast SEO v28.3) - https:\/\/yoast.com\/product\/yoast-seo-premium-wordpress\/ -->\n<title>Cat\u00e1logo Razonado - Casa Taller Delfin<\/title>\n<meta name=\"robots\" content=\"index, follow, max-snippet:-1, max-image-preview:large, max-video-preview:-1\" \/>\n<link rel=\"canonical\" href=\"https:\/\/casatallerdelfin.org\/en\/our-work\/catalogue-raisonne-2\/\" \/>\n<meta property=\"og:locale\" content=\"en_US\" \/>\n<meta property=\"og:type\" content=\"article\" \/>\n<meta property=\"og:title\" content=\"Cat\u00e1logo Razonado\" \/>\n<meta property=\"og:description\" content=\"Cat\u00e1logo Razonado de V\u00edctor Delf\u00edn Sobre el proyecto Proyecto en curso \u00b7 iniciado en 2025 La Asociaci\u00f3n Civil Casa Taller [&hellip;]\" \/>\n<meta property=\"og:url\" content=\"https:\/\/casatallerdelfin.org\/en\/our-work\/catalogue-raisonne-2\/\" \/>\n<meta property=\"og:site_name\" content=\"Casa Taller Delfin\" \/>\n<meta property=\"article:publisher\" content=\"https:\/\/www.facebook.com\/casatallerdelfin\" \/>\n<meta property=\"article:modified_time\" content=\"2026-08-30T15:33:54+00:00\" \/>\n<meta property=\"og:image\" content=\"https:\/\/casatallerdelfin.org\/wp-content\/uploads\/2025\/11\/victor-delfin-retablo-01.webp\" \/>\n\t<meta property=\"og:image:width\" content=\"1920\" \/>\n\t<meta property=\"og:image:height\" content=\"1920\" \/>\n\t<meta property=\"og:image:type\" content=\"image\/webp\" \/>\n<meta name=\"twitter:card\" content=\"summary_large_image\" \/>\n<meta name=\"twitter:label1\" content=\"Est. reading time\" \/>\n\t<meta name=\"twitter:data1\" content=\"3 minutes\" \/>\n<script type=\"application\/ld+json\" class=\"yoast-schema-graph\">{\"@context\":\"https:\\\/\\\/schema.org\",\"@graph\":[{\"@type\":\"WebPage\",\"@id\":\"https:\\\/\\\/casatallerdelfin.org\\\/nuestro-trabajo\\\/catalogo-razonado\\\/\",\"url\":\"https:\\\/\\\/casatallerdelfin.org\\\/nuestro-trabajo\\\/catalogo-razonado\\\/\",\"name\":\"Cat\u00e1logo Razonado - Casa Taller Delfin\",\"isPartOf\":{\"@id\":\"https:\\\/\\\/casatallerdelfin.org\\\/#website\"},\"primaryImageOfPage\":{\"@id\":\"https:\\\/\\\/casatallerdelfin.org\\\/nuestro-trabajo\\\/catalogo-razonado\\\/#primaryimage\"},\"image\":{\"@id\":\"https:\\\/\\\/casatallerdelfin.org\\\/nuestro-trabajo\\\/catalogo-razonado\\\/#primaryimage\"},\"thumbnailUrl\":\"https:\\\/\\\/casatallerdelfin.org\\\/wp-content\\\/uploads\\\/2025\\\/11\\\/victor-delfin-retablo-01-1024x1024.webp\",\"datePublished\":\"2026-08-30T15:28:49+00:00\",\"dateModified\":\"2026-08-30T15:33:54+00:00\",\"breadcrumb\":{\"@id\":\"https:\\\/\\\/casatallerdelfin.org\\\/nuestro-trabajo\\\/catalogo-razonado\\\/#breadcrumb\"},\"inLanguage\":\"en-US\",\"potentialAction\":[{\"@type\":\"ReadAction\",\"target\":[\"https:\\\/\\\/casatallerdelfin.org\\\/nuestro-trabajo\\\/catalogo-razonado\\\/\"]}]},{\"@type\":\"ImageObject\",\"inLanguage\":\"en-US\",\"@id\":\"https:\\\/\\\/casatallerdelfin.org\\\/nuestro-trabajo\\\/catalogo-razonado\\\/#primaryimage\",\"url\":\"https:\\\/\\\/casatallerdelfin.org\\\/wp-content\\\/uploads\\\/2025\\\/11\\\/victor-delfin-retablo-01-1024x1024.webp\",\"contentUrl\":\"https:\\\/\\\/casatallerdelfin.org\\\/wp-content\\\/uploads\\\/2025\\\/11\\\/victor-delfin-retablo-01-1024x1024.webp\"},{\"@type\":\"BreadcrumbList\",\"@id\":\"https:\\\/\\\/casatallerdelfin.org\\\/nuestro-trabajo\\\/catalogo-razonado\\\/#breadcrumb\",\"itemListElement\":[{\"@type\":\"ListItem\",\"position\":1,\"name\":\"Home\",\"item\":\"https:\\\/\\\/casatallerdelfin.org\\\/\"},{\"@type\":\"ListItem\",\"position\":2,\"name\":\"Nuestro Trabajo\",\"item\":\"https:\\\/\\\/casatallerdelfin.org\\\/nuestro-trabajo\\\/\"},{\"@type\":\"ListItem\",\"position\":3,\"name\":\"Cat\u00e1logo Razonado\"}]},{\"@type\":\"WebSite\",\"@id\":\"https:\\\/\\\/casatallerdelfin.org\\\/#website\",\"url\":\"https:\\\/\\\/casatallerdelfin.org\\\/\",\"name\":\"Casa Taller Delfin\",\"description\":\"Asociacion Civil Casa Taller Delfin\",\"publisher\":{\"@id\":\"https:\\\/\\\/casatallerdelfin.org\\\/#organization\"},\"potentialAction\":[{\"@type\":\"SearchAction\",\"target\":{\"@type\":\"EntryPoint\",\"urlTemplate\":\"https:\\\/\\\/casatallerdelfin.org\\\/?s={search_term_string}\"},\"query-input\":{\"@type\":\"PropertyValueSpecification\",\"valueRequired\":true,\"valueName\":\"search_term_string\"}}],\"inLanguage\":\"en-US\"},{\"@type\":\"Organization\",\"@id\":\"https:\\\/\\\/casatallerdelfin.org\\\/#organization\",\"name\":\"Asociaci\u00f3n Civil Casa Taller Delfin\",\"alternateName\":\"Asociaci\u00f3n Civil Casa Taller Delfin\",\"url\":\"https:\\\/\\\/casatallerdelfin.org\\\/\",\"logo\":{\"@type\":\"ImageObject\",\"inLanguage\":\"en-US\",\"@id\":\"https:\\\/\\\/casatallerdelfin.org\\\/#\\\/schema\\\/logo\\\/image\\\/\",\"url\":\"https:\\\/\\\/casatallerdelfin.org\\\/wp-content\\\/uploads\\\/2025\\\/09\\\/ctd_logo_2_long.webp\",\"contentUrl\":\"https:\\\/\\\/casatallerdelfin.org\\\/wp-content\\\/uploads\\\/2025\\\/09\\\/ctd_logo_2_long.webp\",\"width\":1170,\"height\":522,\"caption\":\"Asociaci\u00f3n Civil Casa Taller Delfin\"},\"image\":{\"@id\":\"https:\\\/\\\/casatallerdelfin.org\\\/#\\\/schema\\\/logo\\\/image\\\/\"},\"sameAs\":[\"https:\\\/\\\/www.facebook.com\\\/casatallerdelfin\",\"https:\\\/\\\/instagram.com\\\/casatallerdelfin\"],\"description\":\"Casa Taller Delf\u00edn is dedicated to preserving, disseminating, and celebrating the life and work of the renowned Peruvian artist V\u00edctor Delf\u00edn. Founded in 2005 by his descendants, the Association was born as a commitment to the memory and legacy of one of the country's most emblematic creators.\",\"email\":\"info@casatallerdelfin.org\",\"legalName\":\"Asociaci\u00f3n Civil Casa Taller Delfin\",\"foundingDate\":\"2005-06-01\",\"numberOfEmployees\":{\"@type\":\"QuantitativeValue\",\"minValue\":\"1\",\"maxValue\":\"10\"}}]}<\/script>\n<!-- \/ Yoast SEO Premium plugin. -->","yoast_head_json":{"title":"Catalogue Raisonn\u00e9 - Delf\u00edn House and Workshop","robots":{"index":"index","follow":"follow","max-snippet":"max-snippet:-1","max-image-preview":"max-image-preview:large","max-video-preview":"max-video-preview:-1"},"canonical":"https:\/\/casatallerdelfin.org\/en\/our-work\/catalogue-raisonne-2\/","og_locale":"en_US","og_type":"article","og_title":"Cat\u00e1logo Razonado","og_description":"Cat\u00e1logo Razonado de V\u00edctor Delf\u00edn Sobre el proyecto Proyecto en curso \u00b7 iniciado en 2025 La Asociaci\u00f3n Civil Casa Taller [&hellip;]","og_url":"https:\/\/casatallerdelfin.org\/en\/our-work\/catalogue-raisonne-2\/","og_site_name":"Casa Taller Delfin","article_publisher":"https:\/\/www.facebook.com\/casatallerdelfin","article_modified_time":"2026-08-30T15:33:54+00:00","og_image":[{"width":1920,"height":1920,"url":"https:\/\/casatallerdelfin.org\/wp-content\/uploads\/2025\/11\/victor-delfin-retablo-01.webp","type":"image\/webp"}],"twitter_card":"summary_large_image","twitter_misc":{"Est. reading time":"3 minutes"},"schema":{"@context":"https:\/\/schema.org","@graph":[{"@type":"WebPage","@id":"https:\/\/casatallerdelfin.org\/nuestro-trabajo\/catalogo-razonado\/","url":"https:\/\/casatallerdelfin.org\/nuestro-trabajo\/catalogo-razonado\/","name":"Catalogue Raisonn\u00e9 - Delf\u00edn House and Workshop","isPartOf":{"@id":"https:\/\/casatallerdelfin.org\/#website"},"primaryImageOfPage":{"@id":"https:\/\/casatallerdelfin.org\/nuestro-trabajo\/catalogo-razonado\/#primaryimage"},"image":{"@id":"https:\/\/casatallerdelfin.org\/nuestro-trabajo\/catalogo-razonado\/#primaryimage"},"thumbnailUrl":"https:\/\/casatallerdelfin.org\/wp-content\/uploads\/2025\/11\/victor-delfin-retablo-01-1024x1024.webp","datePublished":"2026-08-30T15:28:49+00:00","dateModified":"2026-08-30T15:33:54+00:00","breadcrumb":{"@id":"https:\/\/casatallerdelfin.org\/nuestro-trabajo\/catalogo-razonado\/#breadcrumb"},"inLanguage":"en-US","potentialAction":[{"@type":"ReadAction","target":["https:\/\/casatallerdelfin.org\/nuestro-trabajo\/catalogo-razonado\/"]}]},{"@type":"ImageObject","inLanguage":"en-US","@id":"https:\/\/casatallerdelfin.org\/nuestro-trabajo\/catalogo-razonado\/#primaryimage","url":"https:\/\/casatallerdelfin.org\/wp-content\/uploads\/2025\/11\/victor-delfin-retablo-01-1024x1024.webp","contentUrl":"https:\/\/casatallerdelfin.org\/wp-content\/uploads\/2025\/11\/victor-delfin-retablo-01-1024x1024.webp"},{"@type":"BreadcrumbList","@id":"https:\/\/casatallerdelfin.org\/nuestro-trabajo\/catalogo-razonado\/#breadcrumb","itemListElement":[{"@type":"ListItem","position":1,"name":"Home","item":"https:\/\/casatallerdelfin.org\/"},{"@type":"ListItem","position":2,"name":"Nuestro Trabajo","item":"https:\/\/casatallerdelfin.org\/nuestro-trabajo\/"},{"@type":"ListItem","position":3,"name":"Cat\u00e1logo Razonado"}]},{"@type":"WebSite","@id":"https:\/\/casatallerdelfin.org\/#website","url":"https:\/\/casatallerdelfin.org\/","name":"Delfin House Workshop","description":"Casa Taller Delfin Civil Association","publisher":{"@id":"https:\/\/casatallerdelfin.org\/#organization"},"potentialAction":[{"@type":"SearchAction","target":{"@type":"EntryPoint","urlTemplate":"https:\/\/casatallerdelfin.org\/?s={search_term_string}"},"query-input":{"@type":"PropertyValueSpecification","valueRequired":true,"valueName":"search_term_string"}}],"inLanguage":"en-US"},{"@type":"Organization","@id":"https:\/\/casatallerdelfin.org\/#organization","name":"Casa Taller Delfin Civil Association","alternateName":"Asociaci\u00f3n Civil Casa Taller Delfin","url":"https:\/\/casatallerdelfin.org\/","logo":{"@type":"ImageObject","inLanguage":"en-US","@id":"https:\/\/casatallerdelfin.org\/#\/schema\/logo\/image\/","url":"https:\/\/casatallerdelfin.org\/wp-content\/uploads\/2025\/09\/ctd_logo_2_long.webp","contentUrl":"https:\/\/casatallerdelfin.org\/wp-content\/uploads\/2025\/09\/ctd_logo_2_long.webp","width":1170,"height":522,"caption":"Asociaci\u00f3n Civil Casa Taller Delfin"},"image":{"@id":"https:\/\/casatallerdelfin.org\/#\/schema\/logo\/image\/"},"sameAs":["https:\/\/www.facebook.com\/casatallerdelfin","https:\/\/instagram.com\/casatallerdelfin"],"description":"Casa Taller Delf\u00edn is dedicated to preserving, disseminating, and celebrating the life and work of the renowned Peruvian artist V\u00edctor Delf\u00edn. Founded in 2005 by his descendants, the Association was born as a commitment to the memory and legacy of one of the country's most emblematic creators.","email":"info@casatallerdelfin.org","legalName":"Asociaci\u00f3n Civil Casa Taller Delfin","foundingDate":"2005-06-01","numberOfEmployees":{"@type":"QuantitativeValue","minValue":"1","maxValue":"10"}}]}},"_links":{"self":[{"href":"https:\/\/casatallerdelfin.org\/en\/wp-json\/wp\/v2\/pages\/589","targetHints":{"allow":["GET"]}}],"collection":[{"href":"https:\/\/casatallerdelfin.org\/en\/wp-json\/wp\/v2\/pages"}],"about":[{"href":"https:\/\/casatallerdelfin.org\/en\/wp-json\/wp\/v2\/types\/page"}],"author":[{"embeddable":true,"href":"https:\/\/casatallerdelfin.org\/en\/wp-json\/wp\/v2\/users\/1"}],"replies":[{"embeddable":true,"href":"https:\/\/casatallerdelfin.org\/en\/wp-json\/wp\/v2\/comments?post=589"}],"version-history":[{"count":6,"href":"https:\/\/casatallerdelfin.org\/en\/wp-json\/wp\/v2\/pages\/589\/revisions"}],"predecessor-version":[{"id":597,"href":"https:\/\/casatallerdelfin.org\/en\/wp-json\/wp\/v2\/pages\/589\/revisions\/597"}],"up":[{"embeddable":true,"href":"https:\/\/casatallerdelfin.org\/en\/wp-json\/wp\/v2\/pages\/563"}],"wp:attachment":[{"href":"https:\/\/casatallerdelfin.org\/en\/wp-json\/wp\/v2\/media?parent=589"}],"curies":[{"name":"wp","href":"https:\/\/api.w.org\/{rel}","templated":true}]}}