{"id":615,"date":"2026-08-30T17:58:02","date_gmt":"2026-08-30T17:58:02","guid":{"rendered":"https:\/\/casatallerdelfin.org\/?page_id=615"},"modified":"2026-08-30T17:58:46","modified_gmt":"2026-08-30T17:58:46","slug":"to-bequeath","status":"publish","type":"page","link":"https:\/\/casatallerdelfin.org\/en\/legar\/","title":{"rendered":"LEGATE"},"content":{"rendered":"<h1 id=\"h-\" class=\"wp-block-heading\"><\/h1>\n\n\n\n<div class=\"wp-block-group is-layout-constrained wp-block-group-is-layout-constrained\">\n<h1 id=\"h-legar\" class=\"wp-block-heading\">LEGATE<\/h1>\n\n\n\n<h2 id=\"h-programa-de-preservacion-y-gestion-de-legados-artisticos\" class=\"wp-block-heading\">Artistic Legacy Preservation and Management Program<\/h2>\n\n\n\n<p class=\"wp-block-paragraph\"><em>Thinking about the future of a work of art is also part of an artist's job.<\/em><\/p>\n\n\n\n<p class=\"wp-block-paragraph\"><strong>INITIATIVE IN DEVELOPMENT<\/strong><\/p>\n\n\n\n<p class=\"wp-block-paragraph\">Over the past few years, the Casa Taller Delf\u00edn Civil Association has faced many of the questions that arise when seeking to preserve an artistic legacy: how to organize a body of work produced over decades? What to conserve? How to document an archive? What happens to copyright? How is a studio preserved? What decisions must be made during one's lifetime and which ones will families have to take on later?<\/p>\n\n\n\n<p class=\"wp-block-paragraph\">These questions are not exclusive to Victor Delfin's legacy.<\/p>\n\n\n\n<h2 id=\"h-un-desafio-compartido\" class=\"wp-block-heading\">A shared challenge<\/h2>\n\n\n\n<p class=\"wp-block-paragraph\">In Peru, there are significant efforts dedicated to the conservation of cultural heritage. However, modern and contemporary artists and their families have more limited resources to anticipate and comprehensively manage the future of works, archives, studios, rights, and other components of an artistic legacy.<\/p>\n\n\n\n<p class=\"wp-block-paragraph\">Many of these decisions also arise during moments of generational transition, when organizing information, establishing responsibilities, or retrieving documentation can prove to be considerably more difficult.<\/p>\n\n\n\n<p class=\"wp-block-paragraph\">Starting from a simple idea: the preservation of a legacy can begin during the artist's lifetime.<\/p>\n\n\n\n<h2 id=\"h-que-es-legar\" class=\"wp-block-heading\">What is to bequeath?<\/h2>\n\n\n\n<p class=\"wp-block-paragraph\">LEGAR is an initiative in development by the Civil Association Casa Taller Delf\u00edn aimed at generating practical tools and capabilities for artists and families who want to begin thinking about, organizing, and preserving an artistic legacy.<\/p>\n\n\n\n<p class=\"wp-block-paragraph\">The program seeks to combine knowledge from conservation, archiving, cataloging, cultural management, and the legal and succession aspects involved in these processes, adapting them to the Peruvian context.<\/p>\n\n\n\n<h2 id=\"h-que-compone-un-legado\" class=\"wp-block-heading\">What makes up a legacy?<\/h2>\n\n\n\n<ul class=\"wp-block-list\">\n<li>WORK \u2014 Inventory \u00b7 documentation \u00b7 conservation<\/li>\n\n\n\n<li>ARCHIVE \u2014 Documents \u00b7 photographs \u00b7 correspondence \u00b7 audiovisual<\/li>\n\n\n\n<li>RIGHTS \u2014 Authorship \u00b7 reproduction \u00b7 intellectual property<\/li>\n\n\n\n<li>MEMORIA \u2014 Stories \u00b7 processes \u00b7 testimonies<\/li>\n\n\n\n<li>SPACES \u2014 Workshops \u00b7 houses \u00b7 workplaces<\/li>\n\n\n\n<li>MANAGEMENT \u2014 Responsibilities \u00b7 resources \u00b7 continuity<\/li>\n\n\n\n<li>SUCCESSION \u2014 Ownership \u00b7 decisions \u00b7 planning<\/li>\n\n\n\n<li>ACCESS \u2014 Research \u00b7 publics \u00b7 future generations<\/li>\n<\/ul>\n\n\n\n<h2 id=\"h-como-se-desarrollara\" class=\"wp-block-heading\">How it will unfold<\/h2>\n\n\n\n<div class=\"wp-block-columns is-layout-flex wp-container-core-columns-is-layout-7387b849 wp-block-columns-is-layout-flex\">\n<div class=\"wp-block-column is-layout-flow wp-block-column-is-layout-flow\">\n<h4 id=\"h-01-taller\" class=\"wp-block-heading\">01 \u2014 Workshop<\/h4>\n\n\n\n<p class=\"wp-block-paragraph\">An initial work experience with artists and individuals responsible for estates will help identify specific questions, needs, and situations within the Peruvian context.<\/p>\n<\/div>\n\n\n\n<div class=\"wp-block-column is-layout-flow wp-block-column-is-layout-flow\">\n<h4 id=\"h-02-guia\" class=\"wp-block-heading\">02 \u2014 GUIDE<\/h4>\n\n\n\n<p class=\"wp-block-paragraph\">The learnings from the workshop will contribute to the development of a practical guide that brings together guidelines, questions, and tools to begin organizing an artistic legacy.<\/p>\n<\/div>\n\n\n\n<div class=\"wp-block-column is-layout-flow wp-block-column-is-layout-flow\">\n<h4 id=\"h-03-aprendizaje-y-comunidad\" class=\"wp-block-heading\">03 \u2014 LEARNING AND COMMUNITY<\/h4>\n\n\n\n<p class=\"wp-block-paragraph\">Building on this first experience, LEGAR will seek to identify ways to continue sharing knowledge and strengthening capacities surrounding the preservation of artistic legacies in Peru.<\/p>\n<\/div>\n<\/div>\n\n\n\n<h2 id=\"h-estado\" class=\"wp-block-heading\">State<\/h2>\n\n\n\n<p class=\"wp-block-paragraph\">LEGAR is currently in the development stage.<\/p>\n\n\n\n<p class=\"wp-block-paragraph\">The Association is working on the design of its first pilot experience and on the identification of specialists, knowledge, and tools that can contribute to it.<\/p>\n\n\n\n<h2 id=\"h-interes\" class=\"wp-block-heading\">Interest<\/h2>\n\n\n\n<p class=\"wp-block-paragraph\">Are you an artist, family member, researcher, or professional working with an artistic legacy in Peru?<\/p>\n\n\n\n<p class=\"wp-block-paragraph\">We are interested in learning about other experiences and questions regarding these processes.<\/p>\n\n\n\n<div class=\"wp-block-buttons is-layout-flex wp-block-buttons-is-layout-flex\">\n<div class=\"wp-block-button\"><a class=\"wp-block-button__link wp-element-button\">Contact the Association<\/a><\/div>\n<\/div>\n<\/div>","protected":false},"excerpt":{"rendered":"<p>LEGAR Programa de Preservaci\u00f3n y Gesti\u00f3n de Legados Art\u00edsticos Pensar en el futuro de una obra es tambi\u00e9n parte del [&hellip;]<\/p>\n","protected":false},"author":1,"featured_media":0,"parent":0,"menu_order":0,"comment_status":"closed","ping_status":"closed","template":"","meta":{"site-sidebar-layout":"default","site-content-layout":"","ast-site-content-layout":"default","site-content-style":"default","site-sidebar-style":"default","ast-global-header-display":"","ast-banner-title-visibility":"","ast-main-header-display":"","ast-hfb-above-header-display":"","ast-hfb-below-header-display":"","ast-hfb-mobile-header-display":"","site-post-title":"disabled","ast-breadcrumbs-content":"","ast-featured-img":"","footer-sml-layout":"","ast-disable-related-posts":"","theme-transparent-header-meta":"","adv-header-id-meta":"","stick-header-meta":"","header-above-stick-meta":"","header-main-stick-meta":"","header-below-stick-meta":"","astra-migrate-meta-layouts":"default","ast-page-background-enabled":"default","ast-page-background-meta":{"desktop":{"background-color":"var(--ast-global-color-5)","background-image":"","background-repeat":"repeat","background-position":"center center","background-size":"auto","background-attachment":"scroll","background-type":"","background-media":"","overlay-type":"","overlay-color":"","overlay-opacity":"","overlay-gradient":""},"tablet":{"background-color":"","background-image":"","background-repeat":"repeat","background-position":"center center","background-size":"auto","background-attachment":"scroll","background-type":"","background-media":"","overlay-type":"","overlay-color":"","overlay-opacity":"","overlay-gradient":""},"mobile":{"background-color":"","background-image":"","background-repeat":"repeat","background-position":"center center","background-size":"auto","background-attachment":"scroll","background-type":"","background-media":"","overlay-type":"","overlay-color":"","overlay-opacity":"","overlay-gradient":""}},"ast-content-background-meta":{"desktop":{"background-color":"var(--ast-global-color-4)","background-image":"","background-repeat":"repeat","background-position":"center center","background-size":"auto","background-attachment":"scroll","background-type":"","background-media":"","overlay-type":"","overlay-color":"","overlay-opacity":"","overlay-gradient":""},"tablet":{"background-color":"var(--ast-global-color-4)","background-image":"","background-repeat":"repeat","background-position":"center center","background-size":"auto","background-attachment":"scroll","background-type":"","background-media":"","overlay-type":"","overlay-color":"","overlay-opacity":"","overlay-gradient":""},"mobile":{"background-color":"var(--ast-global-color-4)","background-image":"","background-repeat":"repeat","background-position":"center center","background-size":"auto","background-attachment":"scroll","background-type":"","background-media":"","overlay-type":"","overlay-color":"","overlay-opacity":"","overlay-gradient":""}},"footnotes":""},"class_list":["post-615","page","type-page","status-publish","hentry"],"yoast_head":"<!-- This site is optimized with the Yoast SEO Premium plugin v28.3 (Yoast SEO v28.3) - https:\/\/yoast.com\/product\/yoast-seo-premium-wordpress\/ -->\n<title>LEGAR - Casa Taller Delfin<\/title>\n<meta name=\"robots\" content=\"index, follow, max-snippet:-1, max-image-preview:large, max-video-preview:-1\" \/>\n<link rel=\"canonical\" href=\"https:\/\/casatallerdelfin.org\/en\/to-bequeath\/\" \/>\n<meta property=\"og:locale\" content=\"en_US\" \/>\n<meta property=\"og:type\" content=\"article\" \/>\n<meta property=\"og:title\" content=\"LEGAR\" \/>\n<meta property=\"og:description\" content=\"LEGAR Programa de Preservaci\u00f3n y Gesti\u00f3n de Legados Art\u00edsticos Pensar en el futuro de una obra es tambi\u00e9n parte del [&hellip;]\" \/>\n<meta property=\"og:url\" content=\"https:\/\/casatallerdelfin.org\/en\/to-bequeath\/\" \/>\n<meta property=\"og:site_name\" content=\"Casa Taller Delfin\" \/>\n<meta property=\"article:publisher\" content=\"https:\/\/www.facebook.com\/casatallerdelfin\" \/>\n<meta property=\"article:modified_time\" content=\"2026-08-30T17:58:46+00:00\" \/>\n<meta name=\"twitter:card\" content=\"summary_large_image\" \/>\n<meta name=\"twitter:label1\" content=\"Est. reading time\" \/>\n\t<meta name=\"twitter:data1\" content=\"3 minutes\" \/>\n<script type=\"application\/ld+json\" class=\"yoast-schema-graph\">{\"@context\":\"https:\\\/\\\/schema.org\",\"@graph\":[{\"@type\":\"WebPage\",\"@id\":\"https:\\\/\\\/casatallerdelfin.org\\\/legar\\\/\",\"url\":\"https:\\\/\\\/casatallerdelfin.org\\\/legar\\\/\",\"name\":\"LEGAR - Casa Taller Delfin\",\"isPartOf\":{\"@id\":\"https:\\\/\\\/casatallerdelfin.org\\\/#website\"},\"datePublished\":\"2026-08-30T17:58:02+00:00\",\"dateModified\":\"2026-08-30T17:58:46+00:00\",\"breadcrumb\":{\"@id\":\"https:\\\/\\\/casatallerdelfin.org\\\/legar\\\/#breadcrumb\"},\"inLanguage\":\"en-US\",\"potentialAction\":[{\"@type\":\"ReadAction\",\"target\":[\"https:\\\/\\\/casatallerdelfin.org\\\/legar\\\/\"]}]},{\"@type\":\"BreadcrumbList\",\"@id\":\"https:\\\/\\\/casatallerdelfin.org\\\/legar\\\/#breadcrumb\",\"itemListElement\":[{\"@type\":\"ListItem\",\"position\":1,\"name\":\"Home\",\"item\":\"https:\\\/\\\/casatallerdelfin.org\\\/\"},{\"@type\":\"ListItem\",\"position\":2,\"name\":\"LEGAR\"}]},{\"@type\":\"WebSite\",\"@id\":\"https:\\\/\\\/casatallerdelfin.org\\\/#website\",\"url\":\"https:\\\/\\\/casatallerdelfin.org\\\/\",\"name\":\"Casa Taller Delfin\",\"description\":\"Asociacion Civil Casa Taller Delfin\",\"publisher\":{\"@id\":\"https:\\\/\\\/casatallerdelfin.org\\\/#organization\"},\"potentialAction\":[{\"@type\":\"SearchAction\",\"target\":{\"@type\":\"EntryPoint\",\"urlTemplate\":\"https:\\\/\\\/casatallerdelfin.org\\\/?s={search_term_string}\"},\"query-input\":{\"@type\":\"PropertyValueSpecification\",\"valueRequired\":true,\"valueName\":\"search_term_string\"}}],\"inLanguage\":\"en-US\"},{\"@type\":\"Organization\",\"@id\":\"https:\\\/\\\/casatallerdelfin.org\\\/#organization\",\"name\":\"Asociaci\u00f3n Civil Casa Taller Delfin\",\"alternateName\":\"Asociaci\u00f3n Civil Casa Taller Delfin\",\"url\":\"https:\\\/\\\/casatallerdelfin.org\\\/\",\"logo\":{\"@type\":\"ImageObject\",\"inLanguage\":\"en-US\",\"@id\":\"https:\\\/\\\/casatallerdelfin.org\\\/#\\\/schema\\\/logo\\\/image\\\/\",\"url\":\"https:\\\/\\\/casatallerdelfin.org\\\/wp-content\\\/uploads\\\/2025\\\/09\\\/ctd_logo_2_long.webp\",\"contentUrl\":\"https:\\\/\\\/casatallerdelfin.org\\\/wp-content\\\/uploads\\\/2025\\\/09\\\/ctd_logo_2_long.webp\",\"width\":1170,\"height\":522,\"caption\":\"Asociaci\u00f3n Civil Casa Taller Delfin\"},\"image\":{\"@id\":\"https:\\\/\\\/casatallerdelfin.org\\\/#\\\/schema\\\/logo\\\/image\\\/\"},\"sameAs\":[\"https:\\\/\\\/www.facebook.com\\\/casatallerdelfin\",\"https:\\\/\\\/instagram.com\\\/casatallerdelfin\"],\"description\":\"Casa Taller Delf\u00edn is dedicated to preserving, disseminating, and celebrating the life and work of the renowned Peruvian artist V\u00edctor Delf\u00edn. Founded in 2005 by his descendants, the Association was born as a commitment to the memory and legacy of one of the country's most emblematic creators.\",\"email\":\"info@casatallerdelfin.org\",\"legalName\":\"Asociaci\u00f3n Civil Casa Taller Delfin\",\"foundingDate\":\"2005-06-01\",\"numberOfEmployees\":{\"@type\":\"QuantitativeValue\",\"minValue\":\"1\",\"maxValue\":\"10\"}}]}<\/script>\n<!-- \/ Yoast SEO Premium plugin. -->","yoast_head_json":{"title":"BEQUEATH - Delfin House Workshop","robots":{"index":"index","follow":"follow","max-snippet":"max-snippet:-1","max-image-preview":"max-image-preview:large","max-video-preview":"max-video-preview:-1"},"canonical":"https:\/\/casatallerdelfin.org\/en\/to-bequeath\/","og_locale":"en_US","og_type":"article","og_title":"LEGAR","og_description":"LEGAR Programa de Preservaci\u00f3n y Gesti\u00f3n de Legados Art\u00edsticos Pensar en el futuro de una obra es tambi\u00e9n parte del [&hellip;]","og_url":"https:\/\/casatallerdelfin.org\/en\/to-bequeath\/","og_site_name":"Casa Taller Delfin","article_publisher":"https:\/\/www.facebook.com\/casatallerdelfin","article_modified_time":"2026-08-30T17:58:46+00:00","twitter_card":"summary_large_image","twitter_misc":{"Est. reading time":"3 minutes"},"schema":{"@context":"https:\/\/schema.org","@graph":[{"@type":"WebPage","@id":"https:\/\/casatallerdelfin.org\/legar\/","url":"https:\/\/casatallerdelfin.org\/legar\/","name":"BEQUEATH - Delfin House Workshop","isPartOf":{"@id":"https:\/\/casatallerdelfin.org\/#website"},"datePublished":"2026-08-30T17:58:02+00:00","dateModified":"2026-08-30T17:58:46+00:00","breadcrumb":{"@id":"https:\/\/casatallerdelfin.org\/legar\/#breadcrumb"},"inLanguage":"en-US","potentialAction":[{"@type":"ReadAction","target":["https:\/\/casatallerdelfin.org\/legar\/"]}]},{"@type":"BreadcrumbList","@id":"https:\/\/casatallerdelfin.org\/legar\/#breadcrumb","itemListElement":[{"@type":"ListItem","position":1,"name":"Home","item":"https:\/\/casatallerdelfin.org\/"},{"@type":"ListItem","position":2,"name":"LEGAR"}]},{"@type":"WebSite","@id":"https:\/\/casatallerdelfin.org\/#website","url":"https:\/\/casatallerdelfin.org\/","name":"Delfin House Workshop","description":"Casa Taller Delfin Civil Association","publisher":{"@id":"https:\/\/casatallerdelfin.org\/#organization"},"potentialAction":[{"@type":"SearchAction","target":{"@type":"EntryPoint","urlTemplate":"https:\/\/casatallerdelfin.org\/?s={search_term_string}"},"query-input":{"@type":"PropertyValueSpecification","valueRequired":true,"valueName":"search_term_string"}}],"inLanguage":"en-US"},{"@type":"Organization","@id":"https:\/\/casatallerdelfin.org\/#organization","name":"Casa Taller Delfin Civil Association","alternateName":"Asociaci\u00f3n Civil Casa Taller Delfin","url":"https:\/\/casatallerdelfin.org\/","logo":{"@type":"ImageObject","inLanguage":"en-US","@id":"https:\/\/casatallerdelfin.org\/#\/schema\/logo\/image\/","url":"https:\/\/casatallerdelfin.org\/wp-content\/uploads\/2025\/09\/ctd_logo_2_long.webp","contentUrl":"https:\/\/casatallerdelfin.org\/wp-content\/uploads\/2025\/09\/ctd_logo_2_long.webp","width":1170,"height":522,"caption":"Asociaci\u00f3n Civil Casa Taller Delfin"},"image":{"@id":"https:\/\/casatallerdelfin.org\/#\/schema\/logo\/image\/"},"sameAs":["https:\/\/www.facebook.com\/casatallerdelfin","https:\/\/instagram.com\/casatallerdelfin"],"description":"Casa Taller Delf\u00edn is dedicated to preserving, disseminating, and celebrating the life and work of the renowned Peruvian artist V\u00edctor Delf\u00edn. Founded in 2005 by his descendants, the Association was born as a commitment to the memory and legacy of one of the country's most emblematic creators.","email":"info@casatallerdelfin.org","legalName":"Asociaci\u00f3n Civil Casa Taller Delfin","foundingDate":"2005-06-01","numberOfEmployees":{"@type":"QuantitativeValue","minValue":"1","maxValue":"10"}}]}},"_links":{"self":[{"href":"https:\/\/casatallerdelfin.org\/en\/wp-json\/wp\/v2\/pages\/615","targetHints":{"allow":["GET"]}}],"collection":[{"href":"https:\/\/casatallerdelfin.org\/en\/wp-json\/wp\/v2\/pages"}],"about":[{"href":"https:\/\/casatallerdelfin.org\/en\/wp-json\/wp\/v2\/types\/page"}],"author":[{"embeddable":true,"href":"https:\/\/casatallerdelfin.org\/en\/wp-json\/wp\/v2\/users\/1"}],"replies":[{"embeddable":true,"href":"https:\/\/casatallerdelfin.org\/en\/wp-json\/wp\/v2\/comments?post=615"}],"version-history":[{"count":2,"href":"https:\/\/casatallerdelfin.org\/en\/wp-json\/wp\/v2\/pages\/615\/revisions"}],"predecessor-version":[{"id":618,"href":"https:\/\/casatallerdelfin.org\/en\/wp-json\/wp\/v2\/pages\/615\/revisions\/618"}],"wp:attachment":[{"href":"https:\/\/casatallerdelfin.org\/en\/wp-json\/wp\/v2\/media?parent=615"}],"curies":[{"name":"wp","href":"https:\/\/api.w.org\/{rel}","templated":true}]}}